{"id":1203,"date":"2022-04-18T10:57:55","date_gmt":"2022-04-18T08:57:55","guid":{"rendered":"https:\/\/dev-gut.bambule.de\/?page_id=1203"},"modified":"2023-11-09T14:57:56","modified_gmt":"2023-11-09T13:57:56","slug":"leih-hilfsmittel","status":"publish","type":"page","link":"https:\/\/gutgesell-cuxhaven.de\/wps\/reha-technik\/leih-hilfsmittel","title":{"rendered":"Leih-Hilfsmittel"},"content":{"rendered":"<p>[et_pb_section fb_built=&#8220;1&#8243; admin_label=&#8220;section&#8220; _builder_version=&#8220;4.17.4&#8243; bottom_divider_style=&#8220;wave&#8220; bottom_divider_color=&#8220;#fcbe00&#8243; bottom_divider_height=&#8220;80px&#8220; bottom_divider_flip=&#8220;horizontal&#8220; global_colors_info=&#8220;{}&#8220;][et_pb_row admin_label=&#8220;row&#8220; _builder_version=&#8220;4.17.4&#8243; background_size=&#8220;initial&#8220; background_position=&#8220;top_left&#8220; background_repeat=&#8220;repeat&#8220; custom_margin=&#8220;||||false|false&#8220; custom_padding=&#8220;50px||30px||false|false&#8220; global_colors_info=&#8220;{}&#8220;][et_pb_column type=&#8220;4_4&#8243; _builder_version=&#8220;4.16&#8243; custom_padding=&#8220;|||&#8220; global_colors_info=&#8220;{}&#8220; custom_padding__hover=&#8220;|||&#8220;][et_pb_text _builder_version=&#8220;4.17.4&#8243; _module_preset=&#8220;default&#8220; background_color=&#8220;#fcbe00&#8243; custom_margin=&#8220;||1.6em||false|false&#8220; custom_padding=&#8220;10px|||20px|false|false&#8220; border_radii=&#8220;on|6px|6px|6px|6px&#8220; global_colors_info=&#8220;{}&#8220;]<\/p>\n<h1>Hilfsmittel-Verleih<\/h1>\n<p>[\/et_pb_text][et_pb_text _builder_version=&#8220;4.17.4&#8243; _module_preset=&#8220;default&#8220; global_colors_info=&#8220;{}&#8220;]F\u00fcr vor\u00fcbergehende Pflegesituationen k\u00f6nnen Sie bei uns Rollatoren, Rollst\u00fchle, Toilettenst\u00fchle und Pflegebetten leihen. Dabei handelt es sich um bew\u00e4hrte, hochwertige Hilfsmittel renommierter Hersteller. Auf Wunsch bringen unsere Reha-Techniker sie zu Ihnen nach Hause und weisen Sie fachgerecht in die Benutzung ein.[\/et_pb_text][\/et_pb_column][\/et_pb_row][et_pb_row column_structure=&#8220;1_3,1_3,1_3&#8243; use_custom_gutter=&#8220;on&#8220; gutter_width=&#8220;1&#8243; make_equal=&#8220;on&#8220; _builder_version=&#8220;4.17.4&#8243; _module_preset=&#8220;default&#8220; background_color=&#8220;#eeeeee&#8220; custom_margin=&#8220;||20px||false|false&#8220; custom_padding=&#8220;|||20px|false|false&#8220; border_radii=&#8220;on|6px|6px|6px|6px&#8220; global_colors_info=&#8220;{}&#8220;][et_pb_column type=&#8220;1_3&#8243; _builder_version=&#8220;4.17.4&#8243; _module_preset=&#8220;default&#8220; global_colors_info=&#8220;{}&#8220;][et_pb_image src=&#8220;https:\/\/gutgesell-cuxhaven.de\/wps\/wp-content\/uploads\/2022\/06\/topro_olympos_m_off-road_wheels.jpg&#8220; alt=&#8220;Rollator Topro Olympos leihen&#8220; title_text=&#8220;Rollator Topro Olympos leihen&#8220; _builder_version=&#8220;4.17.4&#8243; _module_preset=&#8220;default&#8220; width=&#8220;200px&#8220; height=&#8220;200px&#8220; global_colors_info=&#8220;{}&#8220;][\/et_pb_image][\/et_pb_column][et_pb_column type=&#8220;1_3&#8243; _builder_version=&#8220;4.17.4&#8243; _module_preset=&#8220;default&#8220; global_colors_info=&#8220;{}&#8220;][et_pb_text _builder_version=&#8220;4.17.4&#8243; _module_preset=&#8220;default&#8220; header_3_font=&#8220;|600|||||||&#8220; custom_padding=&#8220;50px||||false|false&#8220; custom_padding_tablet=&#8220;40px||||false|false&#8220; custom_padding_phone=&#8220;30px||||false|false&#8220; custom_padding_last_edited=&#8220;on|phone&#8220; global_colors_info=&#8220;{}&#8220;]<\/p>\n<h3>Rollator<\/h3>\n<p>Topro[\/et_pb_text][\/et_pb_column][et_pb_column type=&#8220;1_3&#8243; _builder_version=&#8220;4.17.4&#8243; _module_preset=&#8220;default&#8220; global_colors_info=&#8220;{}&#8220;][et_pb_text _builder_version=&#8220;4.17.4&#8243; _module_preset=&#8220;default&#8220; header_3_font=&#8220;|600|||||||&#8220; custom_padding=&#8220;50px||||false|false&#8220; custom_padding_tablet=&#8220;40px||||false|false&#8220; custom_padding_phone=&#8220;0px||||false|false&#8220; custom_padding_last_edited=&#8220;on|desktop&#8220; global_colors_info=&#8220;{}&#8220;]Erste Woche 45,00 \u20ac<br \/>\nJede weitere 35,00 \u20ac[\/et_pb_text][\/et_pb_column][\/et_pb_row][et_pb_row column_structure=&#8220;1_3,1_3,1_3&#8243; use_custom_gutter=&#8220;on&#8220; gutter_width=&#8220;1&#8243; make_equal=&#8220;on&#8220; _builder_version=&#8220;4.17.4&#8243; _module_preset=&#8220;default&#8220; background_color=&#8220;#eeeeee&#8220; custom_margin=&#8220;||20px||false|false&#8220; custom_padding=&#8220;|||20px|false|false&#8220; border_radii=&#8220;on|6px|6px|6px|6px&#8220; global_colors_info=&#8220;{}&#8220;][et_pb_column type=&#8220;1_3&#8243; _builder_version=&#8220;4.17.4&#8243; _module_preset=&#8220;default&#8220; global_colors_info=&#8220;{}&#8220;][et_pb_image src=&#8220;https:\/\/gutgesell-cuxhaven.de\/wps\/wp-content\/uploads\/2022\/06\/rollstuhl-verleih-cuxhaven_vermeiren.jpg&#8220; alt=&#8220;Rollstuhl-Verleih&#8220; title_text=&#8220;Rollstuhl-Verleih-Cuxhaven &#8220; _builder_version=&#8220;4.20.4&#8243; _module_preset=&#8220;default&#8220; width=&#8220;200px&#8220; height=&#8220;200px&#8220; global_colors_info=&#8220;{}&#8220;][\/et_pb_image][\/et_pb_column][et_pb_column type=&#8220;1_3&#8243; _builder_version=&#8220;4.17.4&#8243; _module_preset=&#8220;default&#8220; global_colors_info=&#8220;{}&#8220;][et_pb_text _builder_version=&#8220;4.17.4&#8243; _module_preset=&#8220;default&#8220; header_3_font=&#8220;|600|||||||&#8220; custom_padding=&#8220;50px||||false|false&#8220; custom_padding_tablet=&#8220;40px||||false|false&#8220; custom_padding_phone=&#8220;30px||||false|false&#8220; custom_padding_last_edited=&#8220;on|phone&#8220; global_colors_info=&#8220;{}&#8220;]<\/p>\n<h3>Rollstuhl<\/h3>\n<p>Vermeiren[\/et_pb_text][\/et_pb_column][et_pb_column type=&#8220;1_3&#8243; _builder_version=&#8220;4.17.4&#8243; _module_preset=&#8220;default&#8220; global_colors_info=&#8220;{}&#8220;][et_pb_text _builder_version=&#8220;4.17.4&#8243; _module_preset=&#8220;default&#8220; header_3_font=&#8220;|600|||||||&#8220; custom_padding=&#8220;50px||||false|false&#8220; custom_padding_tablet=&#8220;40px||||false|false&#8220; custom_padding_phone=&#8220;0px||||false|false&#8220; custom_padding_last_edited=&#8220;on|desktop&#8220; global_colors_info=&#8220;{}&#8220;]Erste Woche 50,00 \u20ac<br \/>\nJede weitere 40,00 \u20ac[\/et_pb_text][\/et_pb_column][\/et_pb_row][et_pb_row column_structure=&#8220;1_3,1_3,1_3&#8243; use_custom_gutter=&#8220;on&#8220; gutter_width=&#8220;1&#8243; make_equal=&#8220;on&#8220; _builder_version=&#8220;4.17.4&#8243; _module_preset=&#8220;default&#8220; background_color=&#8220;#eeeeee&#8220; custom_margin=&#8220;||20px||false|false&#8220; custom_padding=&#8220;|||20px|false|false&#8220; border_radii=&#8220;on|6px|6px|6px|6px&#8220; global_colors_info=&#8220;{}&#8220;][et_pb_column type=&#8220;1_3&#8243; _builder_version=&#8220;4.17.4&#8243; _module_preset=&#8220;default&#8220; global_colors_info=&#8220;{}&#8220;][et_pb_image src=&#8220;https:\/\/gutgesell-cuxhaven.de\/wps\/wp-content\/uploads\/2023\/04\/elektrischer-rollstuhl-leihen-in-cuxhaven.jpg&#8220; alt=&#8220;Elektrischer und faltbarer Rollstuhl zum Leihen in Cuxhaven&#8220; title_text=&#8220;Elektrischer und faltbarer Rollstuhl zum Leihen in Cuxhaven&#8220; _builder_version=&#8220;4.20.4&#8243; _module_preset=&#8220;default&#8220; width=&#8220;200px&#8220; height=&#8220;200px&#8220; global_colors_info=&#8220;{}&#8220;][\/et_pb_image][\/et_pb_column][et_pb_column type=&#8220;1_3&#8243; _builder_version=&#8220;4.17.4&#8243; _module_preset=&#8220;default&#8220; global_colors_info=&#8220;{}&#8220;][et_pb_text _builder_version=&#8220;4.20.4&#8243; _module_preset=&#8220;default&#8220; header_3_font=&#8220;|600|||||||&#8220; custom_padding=&#8220;50px||||false|false&#8220; custom_padding_tablet=&#8220;40px||||false|false&#8220; custom_padding_phone=&#8220;30px||||false|false&#8220; custom_padding_last_edited=&#8220;on|phone&#8220; global_colors_info=&#8220;{}&#8220;]<\/p>\n<h3>Elektrischer, faltbarer Rollstuhl<\/h3>\n<p>ergoflix<\/p>\n<p>[\/et_pb_text][\/et_pb_column][et_pb_column type=&#8220;1_3&#8243; _builder_version=&#8220;4.17.4&#8243; _module_preset=&#8220;default&#8220; global_colors_info=&#8220;{}&#8220;][et_pb_text _builder_version=&#8220;4.20.4&#8243; _module_preset=&#8220;default&#8220; header_3_font=&#8220;|600|||||||&#8220; custom_padding=&#8220;50px||||false|false&#8220; custom_padding_tablet=&#8220;40px||||false|false&#8220; custom_padding_phone=&#8220;0px||||false|false&#8220; custom_padding_last_edited=&#8220;on|desktop&#8220; global_colors_info=&#8220;{}&#8220;]Pro Tag 25,00 \u20ac<br \/>\nDrei Tage 66,00 \u20ac<br \/>\nEine Woche 119,00 \u20ac[\/et_pb_text][\/et_pb_column][\/et_pb_row][et_pb_row column_structure=&#8220;1_3,1_3,1_3&#8243; use_custom_gutter=&#8220;on&#8220; gutter_width=&#8220;1&#8243; make_equal=&#8220;on&#8220; _builder_version=&#8220;4.17.4&#8243; _module_preset=&#8220;default&#8220; background_color=&#8220;#eeeeee&#8220; custom_margin=&#8220;||20px||false|false&#8220; custom_padding=&#8220;|||20px|false|false&#8220; border_radii=&#8220;on|6px|6px|6px|6px&#8220; global_colors_info=&#8220;{}&#8220;][et_pb_column type=&#8220;1_3&#8243; _builder_version=&#8220;4.17.4&#8243; _module_preset=&#8220;default&#8220; global_colors_info=&#8220;{}&#8220;][et_pb_image src=&#8220;https:\/\/gutgesell-cuxhaven.de\/wps\/wp-content\/uploads\/2022\/06\/toilettenstuhl-verleih.jpg&#8220; alt=&#8220;Leih-Toilettenstuhl&#8220; title_text=&#8220;Leih-Toilettenstuhl&#8220; _builder_version=&#8220;4.17.4&#8243; _module_preset=&#8220;default&#8220; width=&#8220;200px&#8220; height=&#8220;200px&#8220; global_colors_info=&#8220;{}&#8220;][\/et_pb_image][\/et_pb_column][et_pb_column type=&#8220;1_3&#8243; _builder_version=&#8220;4.17.4&#8243; _module_preset=&#8220;default&#8220; global_colors_info=&#8220;{}&#8220;][et_pb_text _builder_version=&#8220;4.17.4&#8243; _module_preset=&#8220;default&#8220; header_3_font=&#8220;|600|||||||&#8220; custom_padding=&#8220;50px||||false|false&#8220; custom_padding_tablet=&#8220;40px||||false|false&#8220; custom_padding_phone=&#8220;30px||||false|false&#8220; custom_padding_last_edited=&#8220;on|phone&#8220; global_colors_info=&#8220;{}&#8220;]<\/p>\n<h3>Toilettenstuhl<\/h3>\n<p>Vermeiren[\/et_pb_text][\/et_pb_column][et_pb_column type=&#8220;1_3&#8243; _builder_version=&#8220;4.17.4&#8243; _module_preset=&#8220;default&#8220; global_colors_info=&#8220;{}&#8220;][et_pb_text _builder_version=&#8220;4.17.4&#8243; _module_preset=&#8220;default&#8220; header_3_font=&#8220;|600|||||||&#8220; custom_padding=&#8220;50px||||false|false&#8220; custom_padding_tablet=&#8220;40px||||false|false&#8220; custom_padding_phone=&#8220;0px||||false|false&#8220; custom_padding_last_edited=&#8220;on|desktop&#8220; global_colors_info=&#8220;{}&#8220;]Erste Woche 50,00 \u20ac<br \/>\nJede weitere 40,00 \u20ac[\/et_pb_text][\/et_pb_column][\/et_pb_row][et_pb_row column_structure=&#8220;1_3,1_3,1_3&#8243; use_custom_gutter=&#8220;on&#8220; gutter_width=&#8220;1&#8243; make_equal=&#8220;on&#8220; _builder_version=&#8220;4.17.4&#8243; _module_preset=&#8220;default&#8220; background_color=&#8220;#eeeeee&#8220; custom_margin=&#8220;||20px||false|false&#8220; custom_padding=&#8220;|||20px|false|false&#8220; border_radii=&#8220;on|6px|6px|6px|6px&#8220; global_colors_info=&#8220;{}&#8220;][et_pb_column type=&#8220;1_3&#8243; _builder_version=&#8220;4.17.4&#8243; _module_preset=&#8220;default&#8220; global_colors_info=&#8220;{}&#8220;][et_pb_image src=&#8220;https:\/\/gutgesell-cuxhaven.de\/wps\/wp-content\/uploads\/2022\/06\/pflegebett-dali_leihen-in-cuxhaven.jpg&#8220; alt=&#8220;Pflegebett leihen in Cuxhaven&#8220; title_text=&#8220;Pflegebett leihen in Cuxhaven&#8220; _builder_version=&#8220;4.17.4&#8243; _module_preset=&#8220;default&#8220; width=&#8220;200px&#8220; height=&#8220;200px&#8220; global_colors_info=&#8220;{}&#8220;][\/et_pb_image][\/et_pb_column][et_pb_column type=&#8220;1_3&#8243; _builder_version=&#8220;4.17.4&#8243; _module_preset=&#8220;default&#8220; global_colors_info=&#8220;{}&#8220;][et_pb_text _builder_version=&#8220;4.17.4&#8243; _module_preset=&#8220;default&#8220; header_3_font=&#8220;|600|||||||&#8220; custom_padding=&#8220;20px||||false|false&#8220; custom_padding_tablet=&#8220;40px||||false|false&#8220; custom_padding_phone=&#8220;||||false|false&#8220; custom_padding_last_edited=&#8220;on|desktop&#8220; global_colors_info=&#8220;{}&#8220;]<\/p>\n<h3>Pflegebett<\/h3>\n<p>Burmeier<br \/>\ninkl. Matratze, An- und Abfahrt,<br \/>\nelektronischer Pr\u00fcfung vor Ort,<br \/>\nLieferung nur Mo.-Fr. m\u00f6glich[\/et_pb_text][\/et_pb_column][et_pb_column type=&#8220;1_3&#8243; _builder_version=&#8220;4.17.4&#8243; _module_preset=&#8220;default&#8220; global_colors_info=&#8220;{}&#8220;][et_pb_text _builder_version=&#8220;4.17.4&#8243; _module_preset=&#8220;default&#8220; header_3_font=&#8220;|600|||||||&#8220; custom_padding=&#8220;50px||||false|false&#8220; custom_padding_tablet=&#8220;40px||||false|false&#8220; custom_padding_phone=&#8220;0px||||false|false&#8220; custom_padding_last_edited=&#8220;on|desktop&#8220; global_colors_info=&#8220;{}&#8220;]Kurzzeitpauschale<br \/>\n450,00 \u20ac[\/et_pb_text][\/et_pb_column][\/et_pb_row][et_pb_row column_structure=&#8220;1_3,1_3,1_3&#8243; use_custom_gutter=&#8220;on&#8220; gutter_width=&#8220;1&#8243; make_equal=&#8220;on&#8220; _builder_version=&#8220;4.17.4&#8243; _module_preset=&#8220;default&#8220; background_color=&#8220;#eeeeee&#8220; custom_margin=&#8220;||20px||false|false&#8220; custom_padding=&#8220;|||20px|false|false&#8220; border_radii=&#8220;on|6px|6px|6px|6px&#8220; global_colors_info=&#8220;{}&#8220;][et_pb_column type=&#8220;1_3&#8243; _builder_version=&#8220;4.17.4&#8243; _module_preset=&#8220;default&#8220; global_colors_info=&#8220;{}&#8220;][et_pb_image src=&#8220;https:\/\/gutgesell-cuxhaven.de\/wps\/wp-content\/uploads\/2023\/11\/Kinetec_Optima_Kniebewegungsschiene.jpg&#8220; alt=&#8220;Kniebewegungsschiene Kinetec Optima&#8220; title_text=&#8220;Kinetec Optima Kniebewegungsschiene&#8220; _builder_version=&#8220;4.23.1&#8243; _module_preset=&#8220;default&#8220; width=&#8220;200px&#8220; height=&#8220;200px&#8220; global_colors_info=&#8220;{}&#8220;][\/et_pb_image][\/et_pb_column][et_pb_column type=&#8220;1_3&#8243; _builder_version=&#8220;4.17.4&#8243; _module_preset=&#8220;default&#8220; global_colors_info=&#8220;{}&#8220;][et_pb_text _builder_version=&#8220;4.23.1&#8243; _module_preset=&#8220;default&#8220; header_3_font=&#8220;|600|||||||&#8220; custom_padding=&#8220;20px||||false|false&#8220; custom_padding_tablet=&#8220;40px||||false|false&#8220; custom_padding_phone=&#8220;||||false|false&#8220; custom_padding_last_edited=&#8220;on|desktop&#8220; global_colors_info=&#8220;{}&#8220;]<\/p>\n<h3>Kniebewegungsschiene Optima<\/h3>\n<p>Kinetec[\/et_pb_text][\/et_pb_column][et_pb_column type=&#8220;1_3&#8243; _builder_version=&#8220;4.17.4&#8243; _module_preset=&#8220;default&#8220; global_colors_info=&#8220;{}&#8220;][et_pb_text _builder_version=&#8220;4.23.1&#8243; _module_preset=&#8220;default&#8220; header_3_font=&#8220;|600|||||||&#8220; custom_padding=&#8220;50px||||false|false&#8220; custom_padding_tablet=&#8220;40px||||false|false&#8220; custom_padding_phone=&#8220;0px||||false|false&#8220; custom_padding_last_edited=&#8220;on|desktop&#8220; hover_enabled=&#8220;0&#8243; global_colors_info=&#8220;{}&#8220; sticky_enabled=&#8220;0&#8243;]4 Wochen 360,00 \u20ac<br \/>\nJede weitere 90,00 \u20ac<\/p>\n<p>Mit Rezept erfolgt die Kosten\u00fcbernahme durch die Krankenkasse.[\/et_pb_text][\/et_pb_column][\/et_pb_row][et_pb_row _builder_version=&#8220;4.17.4&#8243; _module_preset=&#8220;default&#8220; background_color=&#8220;#eeeeee&#8220; custom_margin=&#8220;||20px||false|false&#8220; custom_padding=&#8220;|||20px|false|false&#8220; border_radii=&#8220;on|6px|6px|6px|6px&#8220; global_colors_info=&#8220;{}&#8220;][et_pb_column type=&#8220;4_4&#8243; _builder_version=&#8220;4.17.4&#8243; _module_preset=&#8220;default&#8220; global_colors_info=&#8220;{}&#8220;][et_pb_text _builder_version=&#8220;4.20.4&#8243; _module_preset=&#8220;default&#8220; global_colors_info=&#8220;{}&#8220;]An- und Abfahrt: 35,00 \u20ac<\/p>\n<p>Alle Preise sind Mietpreise und verstehen sich einschlie\u00dflich Mehrwertsteuer. Wenn nicht anders angegeben, gelten die genannten Preise je angefangener Woche.[\/et_pb_text][\/et_pb_column][\/et_pb_row][et_pb_row _builder_version=&#8220;4.17.4&#8243; _module_preset=&#8220;default&#8220; width=&#8220;70%&#8220; module_alignment=&#8220;center&#8220; custom_padding=&#8220;||130px||false|false&#8220; global_colors_info=&#8220;{}&#8220;][et_pb_column type=&#8220;4_4&#8243; _builder_version=&#8220;4.17.4&#8243; _module_preset=&#8220;default&#8220; global_colors_info=&#8220;{}&#8220;][et_pb_text _builder_version=&#8220;4.20.4&#8243; _module_preset=&#8220;default&#8220; text_font_size=&#8220;1.2em&#8220; background_color=&#8220;#fcbe00&#8243; text_orientation=&#8220;center&#8220; width=&#8220;80%&#8220; module_alignment=&#8220;center&#8220; custom_padding=&#8220;1em|1em|1em|1em|true|true&#8220; link_option_url=&#8220;\/wps\/reha-technik\/verleihanfrage&#8220; border_radii=&#8220;on|6px|6px|6px|6px&#8220; global_colors_info=&#8220;{}&#8220;]Hier k\u00f6nnen Sie uns eine Verleih-Anfrage zusenden.[\/et_pb_text][\/et_pb_column][\/et_pb_row][\/et_pb_section]<\/p>\n","protected":false},"excerpt":{"rendered":"<p>Hilfsmittel-VerleihF\u00fcr vor\u00fcbergehende Pflegesituationen k\u00f6nnen Sie bei uns Rollatoren, Rollst\u00fchle, Toilettenst\u00fchle und Pflegebetten leihen. Dabei handelt es sich um bew\u00e4hrte, hochwertige Hilfsmittel renommierter Hersteller. Auf Wunsch bringen unsere Reha-Techniker sie zu Ihnen nach Hause und weisen Sie fachgerecht in die Benutzung ein.Rollator ToproErste Woche 45,00 \u20ac Jede weitere 35,00 \u20acRollstuhl VermeirenErste Woche 50,00 \u20ac Jede weitere [&hellip;]<\/p>\n","protected":false},"author":1,"featured_media":0,"parent":1195,"menu_order":0,"comment_status":"closed","ping_status":"closed","template":"","meta":{"_et_pb_use_builder":"on","_et_pb_old_content":"","_et_gb_content_width":"","footnotes":""},"class_list":["post-1203","page","type-page","status-publish","hentry"],"_links":{"self":[{"href":"https:\/\/gutgesell-cuxhaven.de\/wps\/wp-json\/wp\/v2\/pages\/1203","targetHints":{"allow":["GET"]}}],"collection":[{"href":"https:\/\/gutgesell-cuxhaven.de\/wps\/wp-json\/wp\/v2\/pages"}],"about":[{"href":"https:\/\/gutgesell-cuxhaven.de\/wps\/wp-json\/wp\/v2\/types\/page"}],"author":[{"embeddable":true,"href":"https:\/\/gutgesell-cuxhaven.de\/wps\/wp-json\/wp\/v2\/users\/1"}],"replies":[{"embeddable":true,"href":"https:\/\/gutgesell-cuxhaven.de\/wps\/wp-json\/wp\/v2\/comments?post=1203"}],"version-history":[{"count":44,"href":"https:\/\/gutgesell-cuxhaven.de\/wps\/wp-json\/wp\/v2\/pages\/1203\/revisions"}],"predecessor-version":[{"id":2497,"href":"https:\/\/gutgesell-cuxhaven.de\/wps\/wp-json\/wp\/v2\/pages\/1203\/revisions\/2497"}],"up":[{"embeddable":true,"href":"https:\/\/gutgesell-cuxhaven.de\/wps\/wp-json\/wp\/v2\/pages\/1195"}],"wp:attachment":[{"href":"https:\/\/gutgesell-cuxhaven.de\/wps\/wp-json\/wp\/v2\/media?parent=1203"}],"curies":[{"name":"wp","href":"https:\/\/api.w.org\/{rel}","templated":true}]}}